{"id":9,"date":"2022-07-20T12:23:39","date_gmt":"2022-07-20T10:23:39","guid":{"rendered":"https:\/\/nettsteder.regjeringen.no\/varselutvalget\/?page_id=9"},"modified":"2022-07-20T13:33:21","modified_gmt":"2022-07-20T11:33:21","slug":"mandat","status":"publish","type":"page","link":"https:\/\/nettsteder.regjeringen.no\/varselutvalget\/mandat\/","title":{"rendered":"Mandat"},"content":{"rendered":"\n<p>Utvalget bes om \u00e5:<\/p>\n\n\n\n<ul class=\"wp-block-list is-layout-flow wp-block-list-is-layout-flow\"><li>beskrive varselordningene og hvordan disse praktiseres og f\u00f8lges opp av virksomhetene, Helsetilsynet og Ukom, og hvilke konsekvenser dette har for statsforvaltere<\/li><li>vurdere hva som er utfordringene med dagens varselordninger, herunder vurdere om og i hvilken grad varselsordningene fungerer etter form\u00e5let<\/li><li>vurdere hva som b\u00f8r v\u00e6re varselordningenes form\u00e5l og bidrag til det samlede systemet for \u00e5 forebygge, avdekke og avverge u\u00f8nskede hendelser i helse- og omsorgstjenesten, blant annet forholdet til virksomhetenes interne h\u00e5ndtering av alvorlige hendelser<\/li><li>vurdere om det er behov for endringer i varselordningene og eventuelt legge fram konkrete forslag til tiltak for \u00e5 forbedre varselsordningene, samt utarbeide forslag til eventuelle endringer i organisering, roller, ansvar og regelverk<\/li><li>utrede de \u00f8konomiske og administrative konsekvensene av utvalgets forslag hvor minst ett av eventuelle forslag til endringer m\u00e5 ligge innenfor dagens kostnads-rammer og representere utvalgets syn p\u00e5 hvilken innretning som gir samlet best bruk av dagens ressurser i ordningen.<\/li><\/ul>\n\n\n\n<p>I arbeidet skal utvalget benytte seg av b\u00e5de nasjonal og internasjonal kunnskap innen feltet.<\/p>\n\n\n\n<p>Ber\u00f8rte interessenter\/parter skal involveres\/h\u00f8res underveis i arbeidet.<\/p>\n\n\n\n<p><\/p>\n\n\n\n<p><\/p>\n","protected":false},"excerpt":{"rendered":"<p>Utvalget bes om \u00e5: beskrive varselordningene og hvordan disse praktiseres og f\u00f8lges opp av virksomhetene, Helsetilsynet og Ukom, og hvilke konsekvenser dette har for statsforvaltere vurdere hva som er utfordringene med dagens varselordninger, herunder vurdere om og i hvilken grad varselsordningene fungerer etter form\u00e5let vurdere hva som b\u00f8r v\u00e6re varselordningenes form\u00e5l og bidrag til det\u2026<\/p>\n","protected":false},"author":2877,"featured_media":0,"parent":0,"menu_order":0,"comment_status":"closed","ping_status":"closed","template":"","meta":{"dss_simple_post_excerpt":"","dss_show_featured_image":true,"footnotes":""},"class_list":["post-9","page","type-page","status-publish","hentry"],"language":"nb-NO","_links":{"self":[{"href":"https:\/\/nettsteder.regjeringen.no\/varselutvalget\/wp-json\/wp\/v2\/pages\/9","targetHints":{"allow":["GET"]}}],"collection":[{"href":"https:\/\/nettsteder.regjeringen.no\/varselutvalget\/wp-json\/wp\/v2\/pages"}],"about":[{"href":"https:\/\/nettsteder.regjeringen.no\/varselutvalget\/wp-json\/wp\/v2\/types\/page"}],"author":[{"embeddable":true,"href":"https:\/\/nettsteder.regjeringen.no\/varselutvalget\/wp-json\/wp\/v2\/users\/2877"}],"replies":[{"embeddable":true,"href":"https:\/\/nettsteder.regjeringen.no\/varselutvalget\/wp-json\/wp\/v2\/comments?post=9"}],"version-history":[{"count":2,"href":"https:\/\/nettsteder.regjeringen.no\/varselutvalget\/wp-json\/wp\/v2\/pages\/9\/revisions"}],"predecessor-version":[{"id":57,"href":"https:\/\/nettsteder.regjeringen.no\/varselutvalget\/wp-json\/wp\/v2\/pages\/9\/revisions\/57"}],"wp:attachment":[{"href":"https:\/\/nettsteder.regjeringen.no\/varselutvalget\/wp-json\/wp\/v2\/media?parent=9"}],"curies":[{"name":"wp","href":"https:\/\/api.w.org\/{rel}","templated":true}]}}