{"id":177,"date":"2018-04-04T13:36:59","date_gmt":"2018-04-04T11:36:59","guid":{"rendered":"https:\/\/nettsteder.regjeringen.no\/romanitater\/?page_id=177"},"modified":"2020-04-20T15:59:57","modified_gmt":"2020-04-20T13:59:57","slug":"regjeringens-oppfolging-av-nouen","status":"publish","type":"page","link":"https:\/\/nettsteder.regjeringen.no\/romanitater\/regjeringens-oppfolging-av-nouen\/","title":{"rendered":"Regjeringens oppf\u00f8lging av NOUen"},"content":{"rendered":"<div id=\"module-0\" class=\"hogan-module hogan-module-text hogan-module-0 text-wrap\"><div class=\"hogan-module-inner clearfix\"><p>Her er en oversikt over tiltak som er foresl\u00e5tt av tater-\/romaniutvalget, og status for tiltakene.<\/p><\/div><\/div><div id=\"module-1\" class=\"hogan-module hogan-module-table hogan-module-1 table-width-wide\"><div class=\"hogan-module-inner\"><div class=\"table-wrap\"><table><thead><tr><th>Hva foreslo utvalget?<\/th><th>Hva gj\u00f8r regjeringen?<\/th><\/tr><\/thead><tbody><tr><td>Ta et tydelig oppgj\u00f8r med fortiden, og offentlig bekrefte og gj\u00f8re kjent at staten tar ansvar for tidligere tiders overgrep og fors\u00f8mmelser.<\/td><td><ul>\n \t<li>Jan Tore Sanner \u2013 som var kommunal- og moderniseringsminister da NOU-en ble lagt fram \u2013 gjentok tidligere statsr\u00e5ders beklagelser i juni 2015. Da sa han:\n<em>\"Behandlingen romanifolket\/taterne har blitt utsatt for er et svart kapittel. Vi vet at myndighetenes politikk har v\u00e6rt et overgrep. Regjeringen Solberg stiller seg fullt bak de beklagelser som allerede har kommet. Vi beklager sterkt de overgrepene som er beg\u00e5tt mot romanifolket\/taterne, og de lidelsene dette har medf\u00f8rt\". <\/em><\/li>\n<\/ul><\/td><\/tr><tr><td>Bygge opp tillit mellom romanifolket\/taterne og myndighetene. Sikre romanifolket\/taterne reell deltakelse i prosesser som ang\u00e5r dem.<\/td><td><ul>\n \t<li>Kommunal- og moderniseringsdepartementet har gjennomf\u00f8rt en bred h\u00f8ringsrunde etter at tater-\/romaniutvalgets rapport ble lagt fram. Vi har f\u00e5tt inn over 200 h\u00f8ringssvar. Departementet har ogs\u00e5 opprettet en referansegruppe for arbeidet med oppf\u00f8lgingen.<\/li>\n \t<li>Departementet gir driftstilskudd til de av romanifolkets\/taternes organisasjoner som oppfyller kravene for \u00e5 motta driftstilskudd, blant annet at de har minst 100 medlemmer og er demokratisk oppbygget.<\/li>\n \t<li>Kommunal- og moderniseringsdepartementet arrangerer jevnlige kontaktforum med nasjonale minoriteters organisasjoner. Kontaktforum er \u00e5pent for organisasjoner som f\u00e5r driftstilskudd.<\/li>\n \t<li>Departementene har ikke mulighet til \u00e5 snakke med alle enkeltpersoner hver gang det skal tas politiske beslutninger. Vi oppfordrer derfor de som vil v\u00e6re med p\u00e5 \u00e5 p\u00e5virke politikkutviklingen, til \u00e5 melde seg inn i en av de etablerte medlemsorganisasjonene, eller danne egne demokratiske organisasjoner.<\/li>\n \t<li>Departementet vil legge ut informasjon om aktuelle saker p\u00e5 denne nettsiden, slik at ogs\u00e5 uorganiserte kan holde seg orientert.<\/li>\n<\/ul><\/td><\/tr><tr><td>\u00d8ke kunnskapen om romanifolket\/taterne som gruppe blant ansatte i statlige og kommunale etater og i skolen.<\/td><td><ul>\n \t<li>Kommunal- og moderniseringsdepartementet har hatt m\u00f8ter med alle relevante departementer og flere direktorater som har ansvar for saker knyttet til romanifolket\/taterne. Sammen vurderer vi hvilke tiltak som kan settes i gang for \u00e5 \u00f8ke kunnskapen om romanifolket\/taterne blant de ansatte i staten.<\/li>\n \t<li>For \u00e5 \u00f8ke kunnskapen blant ansatte i statsforvaltningen om urfolk og nasjonale minoriteter&nbsp;lanserte Kommunal- og moderniseringsdepartementet&nbsp;i 2013&nbsp;et E-l\u00e6ringsprogram om urfolk og nasjonale minoriteter. Programmet er utviklet i samr\u00e5d med representanter fra de nasjonale minoritetene.<\/li>\n \t<li>Utdanningsdirektoratet har laget en veileder om nasjonale minoriteter til bruk i skolen. Denne er sendt ut til alle landets skoler.<\/li>\n \t<li>Regjeringen st\u00f8tter flere tiltak for \u00e5 sikre at undervisningen om romanifolket\/taterne i skolen blir s\u00e5 god som mulig.<\/li>\n<\/ul><\/td><\/tr><tr><td>Sikre at barn og unge med romani-\/ taterbakgrunn har likeverdig og reell tilgang til skole og utdanning.<\/td><td><ul>\n \t<li>I Norge har alle barn rett og plikt til skolegang og rett til barnehageplass. Denne retten er nedfelt i oppl\u00e6ringsloven \u00a7 2-1 og i barnekonvensjonens artikkel 28. Retten gjelder barn og unge med romani-\/taterbakgrunn p\u00e5 lik linje med andre.<\/li>\n \t<li>Alle barn har rett til en skolehverdag uten mobbing. I 2017 kom det nye regler om skolemilj\u00f8 og mobbing som skal sikre nulltoleranse mot mobbing.&nbsp;Du kan lese mer om dette p\u00e5 Utdanningsdirektoratets nettsider.<\/li>\n<\/ul><\/td><\/tr><tr><td>Forebygge diskriminering og gi gruppen en reell mulighet til \u00e5 kunne rapportere om diskriminering, og f\u00e5 veiledning n\u00e5r de opplever diskriminering.<\/td><td><ul>\n \t<li>Stortinget vedtok i 2017 regjeringens forslag til ny likestillings- og diskrimineringslov. Loven tr\u00e5dte i kraft 1. januar 2018. Med den nye loven \u00f8nsker regjeringen \u00e5 styrke diskrimineringsvernet og gj\u00f8re lovverket mer tilgjengelig for dem som har rettigheter etter loven. Loven gjelder for romanifolk\/tatere, p\u00e5 lik linje med alle andre.<\/li>\n \t<li>I forbindelse med ny diskrimineringslov har det ogs\u00e5 blitt opprettet en ny diskrimineringsnemnd. http:\/\/www.diskrimineringsnemnda.no\/nb\/innhold\/side\/forside<\/li>\n \t<li>Likestillings- og diskrimineringsombudet gir veiledning om likestillings- og diskrimineringsloven. Dersom du har sp\u00f8rsm\u00e5l om rettigheter eller plikter som du tror har noe med dette regelverket \u00e5 gj\u00f8re, eller hvis du har opplevd diskriminering, kan du ta kontakt med ombudet. For mer informasjon, se&nbsp;www.ldo.no.<\/li>\n<\/ul><\/td><\/tr><tr><td>Legge til rette for at det kan avklares om det har funnet og fremdeles finner sted rettstridige forhold, herunder menneskerettighets-krenkelser. Vurdere om Den nasjonale institusjonen for menneskerettigheter, eller andre instanser, kan f\u00e5 en rolle som supplement til eksisterende klagemuligheter.<\/td><td><ul>\n \t<li>Norges nasjonale institusjon for menneskerettigheter (NIM)&nbsp;leverer hvert \u00e5r en rapport til Stortinget hvor de gir r\u00e5d til myndighetene om hvordan vi bedre kan&nbsp;sikre menneskerettighetene. NIM underviser i og gir informasjon om menneskerettigheter. NIM jobber n\u00e5 med et prosjekt om nasjonale minoriteters rettigheter \u2013 dette er omtalt i NIMs \u00e5rsmelding for 2017, (side 145). NIM behandler ikke enkeltsaker.<\/li>\n<\/ul><\/td><\/tr><tr><td>S\u00f8rge for at romanifolk\/tatere f\u00e5r samme tilgang til rettigheter og muligheter i samfunnet som majoritets-befolkningen.<\/td><td><ul>\n \t<li>Romanifolk\/tatere har samme rettigheter i samfunnet som majoritetsbefolkningen. &nbsp;Se informasjon over om likestillings- og diskrimineringsloven og tiltak for \u00e5 \u00f8ke kunnskapen om romanifolket\/taterne.<\/li>\n<\/ul><\/td><\/tr><tr><td>Revurdere sider ved erstatnings- og oppreisningsordningene som finnes i dag, for \u00e5 sikre samordning og likebehandling.<\/td><td><ul>\n \t<li>Forslaget er til behandling i departementene.<\/li>\n<\/ul><\/td><\/tr><tr><td>Finansiere ulike forskningsprosjekter som kan \u00f8ke kunnskapen om politikken overfor romanifolket\/taterne.<\/td><td><ul>\n \t<li>Kommunal- og moderniseringsdepartementet finansierte forskningen som danner grunnlaget for tater-\/romaniutvalgtes rapport (vedlegget). Artiklene som kom ut av denne forskningen, kan leses i vedlegget til NOU 2015: 7. (PDF)<\/li>\n \t<li>Gjennom Norges forskningsr\u00e5d har Kommunal- og moderniseringsdepartementet ogs\u00e5 finansiert Jakob Wiedners doktorgrad om romanispr\u00e5k. I tillegg til doktorgraden lagde Wiedner en norsk-romani ordbok, som du kan finne her: https:\/\/app.uio.no\/hf\/nro\/index.php?lang=nor<\/li>\n \t<li>Akkurat n\u00e5 har ikke departementet planer om \u00e5 finansiere flere forskningsprosjekter for \u00e5 \u00f8ke kunnskapen om politikken overfor romanifolket\/taterne. Vi understreker likevel at forskere st\u00e5r fritt til \u00e5 forske p\u00e5 tematikken dersom de \u00f8nsker det, og at finansiering av forskning kan bli aktuelt senere.<\/li>\n<\/ul><\/td><\/tr><\/tbody><\/table><\/div><\/div><\/div>","protected":false},"excerpt":{"rendered":"<p>Her er en oversikt over tiltak som er foresl\u00e5tt av tater-\/romaniutvalget, og status for tiltakene.Hva foreslo utvalget?Hva gj\u00f8r regjeringen?Ta et &#8230;<\/p>\n","protected":false},"author":74,"featured_media":0,"parent":0,"menu_order":0,"comment_status":"closed","ping_status":"closed","template":"","meta":{"_acf_changed":false,"footnotes":""},"class_list":["post-177","page","type-page","status-publish","hentry"],"acf":[],"language":"nb-NO","_links":{"self":[{"href":"https:\/\/nettsteder.regjeringen.no\/romanitater\/wp-json\/wp\/v2\/pages\/177","targetHints":{"allow":["GET"]}}],"collection":[{"href":"https:\/\/nettsteder.regjeringen.no\/romanitater\/wp-json\/wp\/v2\/pages"}],"about":[{"href":"https:\/\/nettsteder.regjeringen.no\/romanitater\/wp-json\/wp\/v2\/types\/page"}],"author":[{"embeddable":true,"href":"https:\/\/nettsteder.regjeringen.no\/romanitater\/wp-json\/wp\/v2\/users\/74"}],"replies":[{"embeddable":true,"href":"https:\/\/nettsteder.regjeringen.no\/romanitater\/wp-json\/wp\/v2\/comments?post=177"}],"version-history":[{"count":16,"href":"https:\/\/nettsteder.regjeringen.no\/romanitater\/wp-json\/wp\/v2\/pages\/177\/revisions"}],"predecessor-version":[{"id":747,"href":"https:\/\/nettsteder.regjeringen.no\/romanitater\/wp-json\/wp\/v2\/pages\/177\/revisions\/747"}],"wp:attachment":[{"href":"https:\/\/nettsteder.regjeringen.no\/romanitater\/wp-json\/wp\/v2\/media?parent=177"}],"curies":[{"name":"wp","href":"https:\/\/api.w.org\/{rel}","templated":true}]}}