{"id":83,"date":"2017-06-08T17:21:14","date_gmt":"2017-06-08T15:21:14","guid":{"rendered":"https:\/\/nettsteder.regjeringen.no\/inkludering-barn-unge\/?page_id=83"},"modified":"2018-01-10T14:53:06","modified_gmt":"2018-01-10T13:53:06","slug":"planlagte-aktiviteter","status":"publish","type":"page","link":"https:\/\/nettsteder.regjeringen.no\/inkludering-barn-unge\/planlagte-aktiviteter\/","title":{"rendered":"Hva gj\u00f8r vi?"},"content":{"rendered":"<div class=\"text-wrap post-content clearfix\"><h2>Ulike aktiviteter vi gj\u00f8r:<\/h2>\n<ul>\n<li>&#8211; drar p\u00e5 bes\u00f8k til barnehager og skoler for \u00e5 snakke med barn, foreldre og ansatte.<\/li>\n<li>har m\u00f8ter med ulike folk og interesseorganisasjoner som vil komme til oss for \u00e5 si sin mening.<\/li>\n<li>inviterer vi med oss ulike personer som kan mye om forskning og har erfaringer som de vil dele med oss.<\/li>\n<li>f\u00e5r mange skriftlige innspill til hva vi b\u00f8r ha med oss i arbeidet.<\/li>\n<li>leser mye av den forskningen som finnes om dette temaet.<\/li>\n<li>har m\u00f8ter i ekspertgruppen for \u00e5 snakke om hvordan situasjonen er for barn og unge i dag, og hva som skal til for \u00e5 gj\u00f8re det bedre.<\/li>\n<\/ul>\n<p><a href=\"https:\/\/files.nettsteder.regjeringen.no\/wpuploads01\/blogs.dir\/215\/files\/2017\/06\/Datoer-og-frister-for-Ekspertgruppen.pdf\">Datoer og frister for Ekspertgruppen<\/a><\/p>\n<h2>Her er noen av datoene vi har satt opp m\u00f8ter:<\/h2>\n<p><strong>2017:<\/strong><\/p>\n<p>20.-21. mars: 1. m\u00f8te i Ekspertgruppen + Konferanse Litteraturhuset<\/p>\n<p>8.-9. mai: 2. m\u00f8te i Ekspertgruppen + m\u00f8te med referansegruppen<\/p>\n<p>12.-13. juni: 3. m\u00f8te i Ekspertgruppen + Konferanse i Volda<\/p>\n<p>6.- 7. september: 4. m\u00f8te i Ekspertgruppen<\/p>\n<p>12.-13. oktober: 5. m\u00f8te i Ekspertgruppen + referansegruppen<\/p>\n<p>5.- 6. desember: 6. m\u00f8te i Ekspertgruppen<\/p>\n<p><strong>2018:<\/strong><\/p>\n<p>17.-18. januar: 7. m\u00f8te i Ekspertgruppen + referansegruppen<\/p>\n<p>27.-28. februar: 8. m\u00f8te i Ekspertgruppen<\/p>\n<p><b>21. mars 2018: Overlevering av rapport, Oslo<\/b><\/p>\n<\/div>","protected":false},"excerpt":{"rendered":"<p>Vi i Ekspertgruppen snakker med barn, unge og voksne som har verdifulle erfaringer vi b\u00f8r vite om. Vi leser og &#8230;<\/p>\n","protected":false},"author":697,"featured_media":0,"parent":0,"menu_order":0,"comment_status":"closed","ping_status":"closed","template":"","meta":{"_acf_changed":false,"footnotes":""},"class_list":["post-83","page","type-page","status-publish","hentry"],"acf":[],"language":"nb-NO","_links":{"self":[{"href":"https:\/\/nettsteder.regjeringen.no\/inkludering-barn-unge\/wp-json\/wp\/v2\/pages\/83","targetHints":{"allow":["GET"]}}],"collection":[{"href":"https:\/\/nettsteder.regjeringen.no\/inkludering-barn-unge\/wp-json\/wp\/v2\/pages"}],"about":[{"href":"https:\/\/nettsteder.regjeringen.no\/inkludering-barn-unge\/wp-json\/wp\/v2\/types\/page"}],"author":[{"embeddable":true,"href":"https:\/\/nettsteder.regjeringen.no\/inkludering-barn-unge\/wp-json\/wp\/v2\/users\/697"}],"replies":[{"embeddable":true,"href":"https:\/\/nettsteder.regjeringen.no\/inkludering-barn-unge\/wp-json\/wp\/v2\/comments?post=83"}],"version-history":[{"count":13,"href":"https:\/\/nettsteder.regjeringen.no\/inkludering-barn-unge\/wp-json\/wp\/v2\/pages\/83\/revisions"}],"predecessor-version":[{"id":743,"href":"https:\/\/nettsteder.regjeringen.no\/inkludering-barn-unge\/wp-json\/wp\/v2\/pages\/83\/revisions\/743"}],"wp:attachment":[{"href":"https:\/\/nettsteder.regjeringen.no\/inkludering-barn-unge\/wp-json\/wp\/v2\/media?parent=83"}],"curies":[{"name":"wp","href":"https:\/\/api.w.org\/{rel}","templated":true}]}}