{"id":19,"date":"2021-08-26T14:54:21","date_gmt":"2021-08-26T12:54:21","guid":{"rendered":"https:\/\/nettsteder.regjeringen.no\/folkehogskoleutvalget\/?page_id=19"},"modified":"2021-08-27T09:55:08","modified_gmt":"2021-08-27T07:55:08","slug":"nyheter","status":"publish","type":"page","link":"https:\/\/nettsteder.regjeringen.no\/folkehogskoleutvalget\/nyheter\/","title":{"rendered":"Nyheter"},"content":{"rendered":"<div id=\"module-0\" class=\"hogan-module hogan-module-simple_posts hogan-module-0\"><div class=\"hogan-module-inner text-wrap\"><h2 class=\"hogan-heading\">Siste nytt<\/h2>\t<ul class=\"list-items card-type-small\">\n\t\t\t\t\t<li class=\"list-item\">\n\t\t\t\t<a href=\"https:\/\/nettsteder.regjeringen.no\/folkehogskoleutvalget\/2021\/11\/30\/folkehogskoleutvalget-har-fatt-utvidet-mandat-og-et-ekstra-utvalgsmedlem\/\">\n\t\t\t\t\t\t\t\t\t\t<div class=\"column\">\n\t\t\t\t\t\t<h2 class=\"entry-title\">Folkeh\u00f8gskoleutvalget har f\u00e5tt utvidet mandat og et ekstra utvalgsmedlem<\/h2>\t\t\t\t\t\t<div class=\"entry-summary\"><p>Den nye regjeringen har gitt folkeh\u00f8gskoleutvalget et utvidet mandat og supplert utvalget med et ekstra medlem.<\/p><\/div>\t\t\t\t\t\t\t\t\t\t\t<\/div>\n\t\t\t\t<\/a>\n\t\t\t<\/li>\n\t\t\t\t\t<li class=\"list-item\">\n\t\t\t\t<a href=\"https:\/\/nettsteder.regjeringen.no\/folkehogskoleutvalget\/2021\/10\/08\/innlegg-om-nou-en-i-tidsskriftet-steg\/\">\n\t\t\t\t\t\t\t\t\t\t<div class=\"column\">\n\t\t\t\t\t\t<h2 class=\"entry-title\">Innlegg om NOU-en i tidsskriftet Steg<\/h2>\t\t\t\t\t\t<div class=\"entry-summary\"><p>Utvalgsmedlem Gunnar Birkeland har skrevet om utredningen i 3. utgave (2021) av tidsskriftet Steg.<\/p><\/div>\t\t\t\t\t\t\t\t\t\t\t<\/div>\n\t\t\t\t<\/a>\n\t\t\t<\/li>\n\t\t\t\t\t<li class=\"list-item\">\n\t\t\t\t<a href=\"https:\/\/nettsteder.regjeringen.no\/folkehogskoleutvalget\/2021\/10\/08\/innlegg-om-nou-en-i-magasinet-folkehogskolen\/\">\n\t\t\t\t\t\t\t\t\t\t<div class=\"column\">\n\t\t\t\t\t\t<h2 class=\"entry-title\">Innlegg om NOU-en i magasinet Folkeh\u00f8gskolen<\/h2>\t\t\t\t\t\t<div class=\"entry-summary\"><p>I 4. utgave av magasinet Folkeh\u00f8gskolen 2021 kan vi lese om at &laquo;Friheten i folkeh\u00f8gskolen er umistelig og hellig&raquo;. Lederen ...<\/p><\/div>\t\t\t\t\t\t\t\t\t\t\t<\/div>\n\t\t\t\t<\/a>\n\t\t\t<\/li>\n\t\t\t\t\t<li class=\"list-item\">\n\t\t\t\t<a href=\"https:\/\/nettsteder.regjeringen.no\/folkehogskoleutvalget\/2021\/10\/08\/mandat-for-offentlig-utvalg-om-folkehogskolene\/\">\n\t\t\t\t\t\t\t\t\t\t<div class=\"column\">\n\t\t\t\t\t\t<h2 class=\"entry-title\">Mandat for offentlig utvalg om folkeh\u00f8gskolene<\/h2>\t\t\t\t\t\t<div class=\"entry-summary\"><p>Bakgrunn og utfordringer Regjeringen mener at folkeh\u00f8gskoler er en viktig del av mangfoldet i utdanningstilbudet. For mange unge mennesker utgj\u00f8r ...<\/p><\/div>\t\t\t\t\t\t\t\t\t\t\t<\/div>\n\t\t\t\t<\/a>\n\t\t\t<\/li>\n\t\t\t\t\t<li class=\"list-item\">\n\t\t\t\t<a href=\"https:\/\/nettsteder.regjeringen.no\/folkehogskoleutvalget\/2021\/08\/26\/en-nyhet\/\">\n\t\t\t\t\t\t\t\t\t\t<div class=\"column\">\n\t\t\t\t\t\t<h2 class=\"entry-title\">Statsr\u00e5d Melby m\u00f8ter Folkeh\u00f8gskoleutvalget<\/h2>\t\t\t\t\t\t<div class=\"entry-summary\"><p>Torsdag 1. september var det duket for Folkeh\u00f8gskoleutvalgets f\u00f8rste m\u00f8te. Statsr\u00e5d Melby m\u00f8tte utvalget for \u00e5 gj\u00f8re rede for utvalgets ...<\/p><\/div>\t\t\t\t\t\t\t\t\t\t\t<\/div>\n\t\t\t\t<\/a>\n\t\t\t<\/li>\n\t\t\t<\/ul>\n<\/div><\/div>","protected":false},"excerpt":{"rendered":"","protected":false},"author":2877,"featured_media":0,"parent":0,"menu_order":0,"comment_status":"closed","ping_status":"closed","template":"","meta":{"_acf_changed":false,"footnotes":""},"class_list":["post-19","page","type-page","status-publish","hentry"],"acf":[],"language":"nb-NO","_links":{"self":[{"href":"https:\/\/nettsteder.regjeringen.no\/folkehogskoleutvalget\/wp-json\/wp\/v2\/pages\/19","targetHints":{"allow":["GET"]}}],"collection":[{"href":"https:\/\/nettsteder.regjeringen.no\/folkehogskoleutvalget\/wp-json\/wp\/v2\/pages"}],"about":[{"href":"https:\/\/nettsteder.regjeringen.no\/folkehogskoleutvalget\/wp-json\/wp\/v2\/types\/page"}],"author":[{"embeddable":true,"href":"https:\/\/nettsteder.regjeringen.no\/folkehogskoleutvalget\/wp-json\/wp\/v2\/users\/2877"}],"replies":[{"embeddable":true,"href":"https:\/\/nettsteder.regjeringen.no\/folkehogskoleutvalget\/wp-json\/wp\/v2\/comments?post=19"}],"version-history":[{"count":2,"href":"https:\/\/nettsteder.regjeringen.no\/folkehogskoleutvalget\/wp-json\/wp\/v2\/pages\/19\/revisions"}],"predecessor-version":[{"id":47,"href":"https:\/\/nettsteder.regjeringen.no\/folkehogskoleutvalget\/wp-json\/wp\/v2\/pages\/19\/revisions\/47"}],"wp:attachment":[{"href":"https:\/\/nettsteder.regjeringen.no\/folkehogskoleutvalget\/wp-json\/wp\/v2\/media?parent=19"}],"curies":[{"name":"wp","href":"https:\/\/api.w.org\/{rel}","templated":true}]}}