{"id":117,"date":"2023-02-03T13:28:40","date_gmt":"2023-02-03T12:28:40","guid":{"rendered":"https:\/\/nettsteder.regjeringen.no\/abortutvalget\/?page_id=117"},"modified":"2023-11-22T17:23:48","modified_gmt":"2023-11-22T16:23:48","slug":"moter-i-utvalget","status":"publish","type":"page","link":"https:\/\/nettsteder.regjeringen.no\/abortutvalget\/moter-i-utvalget\/","title":{"rendered":"M\u00f8ter i Abortutvalget"},"content":{"rendered":"\n<figure class=\"wp-block-image size-large is-resized\"><img loading=\"lazy\" decoding=\"async\" width=\"1024\" height=\"768\" src=\"https:\/\/files.nettsteder.regjeringen.no\/wpuploads01\/sites\/512\/2023\/02\/Abortutvalget-Trondheim-1024x768.jpg\" alt=\"\" class=\"wp-image-127\" srcset=\"https:\/\/files.nettsteder.regjeringen.no\/wpuploads01\/sites\/512\/2023\/02\/Abortutvalget-Trondheim-1024x768.jpg 1024w, https:\/\/files.nettsteder.regjeringen.no\/wpuploads01\/sites\/512\/2023\/02\/Abortutvalget-Trondheim-300x225.jpg 300w, https:\/\/files.nettsteder.regjeringen.no\/wpuploads01\/sites\/512\/2023\/02\/Abortutvalget-Trondheim-768x576.jpg 768w, https:\/\/files.nettsteder.regjeringen.no\/wpuploads01\/sites\/512\/2023\/02\/Abortutvalget-Trondheim-1536x1152.jpg 1536w, https:\/\/files.nettsteder.regjeringen.no\/wpuploads01\/sites\/512\/2023\/02\/Abortutvalget-Trondheim-2048x1536.jpg 2048w\" sizes=\"auto, (max-width: 1024px) 100vw, 1024px\" \/><figcaption class=\"wp-element-caption\">Utvalgsm\u00f8te Trondheim i januar 2023<\/figcaption><\/figure>\n\n\n\n<h2 class=\"wp-block-heading\">F\u00f8rste m\u00f8te i Abortutvalget &#8211; 23. august 2022 &#8211; Gardermoen<\/h2>\n\n\n\n<p>F\u00f8rste m\u00f8te i Abortutvalget. Utvalgsleder Kari S\u00f8nderland og medlemmene i utvalget presenterte seg , og m\u00f8tet ble brukt til \u00e5 bli kjent. Helse- og omsorgsminister Ingvild Kjerkol og statssekret\u00e6r Karl Kristian Bekeng hilste p\u00e5 utvalget og svarte p\u00e5 sp\u00f8rsm\u00e5l om mandatet. Utvalget bestemte at utvalgsm\u00f8tene h\u00f8sten 2022 skal brukes til \u00e5 opparbeide et godt felles kunnskapsgrunnlag for utvalget, som utgangspunkt for utvalgets diskusjoner og dr\u00f8ftelser.<\/p>\n\n\n\n<h2 class=\"wp-block-heading\">Andre utvalgsm\u00f8te 29.-30. september 2022 \u2013 Gardermoen<\/h2>\n\n\n\n<p>Utvalget brukte m\u00f8tet til \u00e5 f\u00e5 mer kunnskap om abort og dagens regelverk. Helse- og omsorgsdepartementet holdt foredrag om abortloven og abortforskriften. Overlege Mette L\u00f8keland fra Abortregisteret presenterte norsk og utenlandsk abortstatistikk. Utvalgsmedlemmene holdt foredrag om helsesykepleieres og fastlegenes m\u00f8te med aborts\u00f8kende kvinner, journalopptak, fosterdiagnostikk, abortnemndene, jordm\u00f8drenes og sykepleiernes rolle ved abort og etikk om abort. Andrea Skaarer Kreutz, leder i Amathea, fortalte om Amathea sin virksomhet og deres erfaringer.<\/p>\n\n\n\n<h2 class=\"wp-block-heading\">Tredje utvalgsm\u00f8te 3. og 4. november 2022 \u2013 Gardermoen<\/h2>\n\n\n\n<p>Utvalget fortsatte arbeidet med \u00e5 f\u00e5 kunnskap om abort p\u00e5 utvalgsm\u00f8tet i november. Utvalgsmedlemmene holdt foredrag om ekstrem prematur f\u00f8dsel, hva som skjer etter tidlig ultralyd, og erfaringer fra Kvinnehelseutvalget. Utvalget fikk bes\u00f8k av representanter fra helsemyndighetene i Finland og Sverige, som presenterte regelverk og system rundt abort i disse landene. Overlege i medisinsk genetikk Benedicte Paus fra Oslo Universitetssykehus holdt foredrag om genetisk fosterdiagnostikk. Tidligere og n\u00e5v\u00e6rende medlemmer av sentral klagenemnd for abortsaker fortalte om arbeidet i klagenemnden og deres praksis. M\u00f8tet ble avrundet av professor emeritus fra Universitetet i Oslo Aslak Syse, som snakket om abortloven.<\/p>\n\n\n\n<h2 class=\"wp-block-heading\">Fjerde utvalgsm\u00f8te 12. og 13. desember 2022 \u2013 Gardermoen<\/h2>\n\n\n\n<p>P\u00e5 dag en av m\u00f8tet \u00f8nsket utvalget hovedsakelig \u00e5 innhente innspill fra sivilt samfunn til arbeidet i abortutvalget. Utvalget fikk bes\u00f8k av Sex og samfunn, Kvinnefronten, Unge Funksjonshemmede, Norsk forbund for utviklingshemmede (NFU), Menneskeverd, Samordningsr\u00e5det for tros- og livssynssamfunn, som m\u00f8tte med Den katolske kirke, Den Norske kirke, Human-Etisk Forbund, Buddhistforbundet og Muslimsk Dialognettverk. Utvalget fikk ogs\u00e5 bes\u00f8k av fire kvinner som har v\u00e6rt i abortnemnd.<\/p>\n\n\n\n<p>P\u00e5 m\u00f8tets andre dag presenterte Mette L\u00f8keland og Espen Berner fra Norsk Gynekologisk Forening NGF sin veileder og medisinskfaglige retningslinjer for abort. I tillegg deltok WHO ved dr. Bela Ganatra digitalt p\u00e5 m\u00f8tet for \u00e5 presentere WHO sine retningslinje for abort. Statens Sivilrettsforvaltning v\/fagdirekt\u00f8r \u00d8yvind Fladsrud holdt foredrag om vergem\u00e5l og nye endringer i vergem\u00e5lsloven.<\/p>\n\n\n\n<h2 class=\"wp-block-heading\">Femte utvalgsm\u00f8te 19. og 20. januar 2023 \u2013 Trondheim<\/h2>\n\n\n\n<p>Fra januar 2023 gikk Abortutvalget inn i en ny fase av utvalgsarbeidet. M\u00f8tene v\u00e5ren 2023 skal i hovedsak brukes til dr\u00f8ftelser i utvalget, og \u00e5 utforme utvalgets forslag.<\/p>\n\n\n\n<p>Et utvalgsmedlem holdt et innledende foredrag om bioteknologi og fosterdiagnostikk. Deretter holdt f\u00f8rsteamanuensis Marianne Kjelsvik, NTNU, foredrag om kvinners erfaringer med abort og om resultater i sin doktorgrad. Utvalget brukte resten av f\u00f8rste dag til \u00e5 diskutere abort og etiske sp\u00f8rsm\u00e5l. Andre dag av m\u00f8tet diskuterte utvalget abortnemndene, og mulige alternativer til dagens abortnemnder.<\/p>\n\n\n\n<h2 class=\"wp-block-heading\">Sjette utvalgsm\u00f8te 16. og 17. mars 2023 &#8211; Bergen<\/h2>\n\n\n\n<p>Utvalget hadde m\u00f8te i Bergen 16.-17. mars. Dagen f\u00f8r m\u00f8tet var sekretariatet, leder og et utvalgsmedlem p\u00e5 bes\u00f8k p\u00e5 Kvinneklinikken p\u00e5 Haukeland og p\u00e5 Medisinsk f\u00f8dselsregister og Abortregisteret v\/ Folkehelseinstituttet i Bergen.<\/p>\n\n\n\n<p>I utvalgsm\u00f8tet var hovedtemaene de to dagene alternativer til nemnd og villk\u00e5r for abort etter tidspunkt for selvbestemmelse. Utvalget fikk ogs\u00e5 torsdag bes\u00f8k av Tove Kari Elvbakken, professor i statsvitenskap ved UIB, som fortalte om abortsp\u00f8rsm\u00e5lets politiske historie. Torsdag kom ogs\u00e5 Helsedirektoratet p\u00e5 bes\u00f8k og la frem rapport om oppf\u00f8lging i helsetjenesten av kvinner som tar abort og organisering av helsetjenestene rundt aborts\u00f8kende kvinner. Fredag kom Helseklage p\u00e5 bes\u00f8k og fortalte om organisering av nemnder og klageorgan.  <\/p>\n\n\n\n<figure class=\"wp-block-image size-large\"><img loading=\"lazy\" decoding=\"async\" width=\"1024\" height=\"768\" src=\"https:\/\/files.nettsteder.regjeringen.no\/wpuploads01\/sites\/512\/2023\/03\/Bergen-15-03-2023-KK-1024x768.jpg\" alt=\"\" class=\"wp-image-145\" srcset=\"https:\/\/files.nettsteder.regjeringen.no\/wpuploads01\/sites\/512\/2023\/03\/Bergen-15-03-2023-KK-1024x768.jpg 1024w, https:\/\/files.nettsteder.regjeringen.no\/wpuploads01\/sites\/512\/2023\/03\/Bergen-15-03-2023-KK-300x225.jpg 300w, https:\/\/files.nettsteder.regjeringen.no\/wpuploads01\/sites\/512\/2023\/03\/Bergen-15-03-2023-KK-768x576.jpg 768w, https:\/\/files.nettsteder.regjeringen.no\/wpuploads01\/sites\/512\/2023\/03\/Bergen-15-03-2023-KK-1536x1152.jpg 1536w, https:\/\/files.nettsteder.regjeringen.no\/wpuploads01\/sites\/512\/2023\/03\/Bergen-15-03-2023-KK-2048x1536.jpg 2048w\" sizes=\"auto, (max-width: 1024px) 100vw, 1024px\" \/><figcaption class=\"wp-element-caption\">Bes\u00f8k p\u00e5 Haukeland universitetssjukehus dagen f\u00f8r utvalgsm\u00f8te i Bergen.<\/figcaption><\/figure>\n\n\n\n<h2 class=\"wp-block-heading\">Syvende utvalgsm\u00f8te 13.-14. april 2023 &#8211; Oslo<\/h2>\n\n\n\n<p> I utvalgsm\u00f8tet ble f\u00f8lgende tema behandlet: Selvbestemmelse, vilk\u00e5r for abort etter tidspunkt for selvbestemmelse, beslutningsorgan og modeller for organisering av beslutningsorgan og abortforl\u00f8p i nordiske land. P\u00e5 fredag fikk utvalget bes\u00f8k av Foreningen for hjertesyke barn og arbeidsgruppen i Fosterkardiologisk samarbeidsgruppe som hadde innlegg. <\/p>\n\n\n\n<h2 class=\"wp-block-heading\">\u00c5ttende utvalgsm\u00f8te 25.-26. mai 2023 &#8211; Oslo<\/h2>\n\n\n\n<p>I m\u00f8tet ble f\u00f8lgende tema behandlet: Menneskerettigheter, abort og lovgivning i Canada og p\u00e5 Island, historikk, vilk\u00e5r og selvbestemmelse (gruppearbeid), selvbestemmelse for mindre\u00e5rige og personer med redusert\/manglende samtykkekompetanse, fosterantallsreduksjon, informasjon, veiledning og oppf\u00f8lging av aborts\u00f8kende kvinner i helsetjenesten, abortforl\u00f8pet i helsetjenesten og beslutningsorgan for abort.<\/p>\n\n\n\n<p><\/p>\n\n\n\n<h2 class=\"wp-block-heading\">Niende utvalgsm\u00f8te 19. og 20. juni 2023 &#8211; Oslo<\/h2>\n\n\n\n<p>P\u00e5 m\u00f8tets f\u00f8rste dag fikk utvalget presentert resultatene fra forskningsprosjektet om kvinners erfaring med abortnemnder. En forskergruppe fra Institutt for global helse og samfunnsmedisin, Universitetet i Bergen har gjennomf\u00f8rt studien p\u00e5 oppdrag fra Helse- og omsorgsdepartementet som del av kunnskapsgrunnlaget for Abortutvalgets arbeid. Marte Emilie Sandvik Haaland og Marianne Kjelsvik presenterte studien og resultater. Resultatene vil offentliggj\u00f8res samtidig med at NOU-en offentliggj\u00f8res og overleveres fra utvalget til statsr\u00e5den i desember. Utvalget fikk etter dette en presentasjon av Folkehelseinstituttets innspill om registrene Abortregisteret og Medisinsk f\u00f8dselsregister p\u00e5 Teams ved Guri Sundgot Halvorsen<em>, <\/em>Mette L\u00f8keland-Stai, Kristine Marie Stangenes og Liv Cecilie Vestrheim Thomsen. De fortalte om registrene, status og deres tanker om registrenes fremtid og behov for endringer, og hvordan registrene kan og b\u00f8r utvikles videre for \u00e5 im\u00f8tekomme behov for \u00e5 f\u00f8lge utviklingen, f\u00e5r kunnskap, drive kvalitetssikring og forskning. &nbsp;&nbsp;av Utvalget behandlet ogs\u00e5 f\u00f8lgende tema i m\u00f8tet: Alternativ til nemnd og beslutningsorgan for abort, menneskerettigheter og abort, struktur og disposisjon p\u00e5 NOU-en, kvinners valgsituasjon, selvbestemmelse, vilk\u00e5r etter tidspunkt for selvbestemmelse, selvbestemmelse for personer med redusert eller manglende samtykkekompetanse, fosterantallsreduksjon, organisering av tilbud til aborts\u00f8kende kvinner.<\/p>\n\n\n\n<h2 class=\"wp-block-heading\">Tiende m\u00f8te i Abortutvalget &#8211; 24. og 25. august 2023 &#8211; Oslo<\/h2>\n\n\n\n<p>P\u00e5 m\u00f8tet behandlet utvalget f\u00f8lgende tema: Fosterantallsreduksjon, selvbestemmelse og tidspunkt for selvbestemmelse, villk\u00e5r og alternativ til nemnd, reservasjonsrett for helsepersonell, levedyktighet og lovens grense for levedyktighet, kvinners erfaring med nemnd: Resultater fra studie, statistikk som belyser nemndspraksis fra Abortregisteret og Medisinsk f\u00f8dselsregister, form\u00e5l med loven og form\u00e5lsparagrafen. Utvalget kom ogs\u00e5 med innspill til struktur og tekst i NOU-utkastet.<\/p>\n\n\n\n<h2 class=\"wp-block-heading\">Ellevte m\u00f8te i Abortutvalget &#8211; 26. og 27. september 2023 &#8211; Oslo<\/h2>\n\n\n\n<p>P\u00e5 m\u00f8tets f\u00f8rste dag var regulering av fosterantallsreduksjon tema, inkludert gruppearbeid. Andre dag var fosterantallsreduksjon og tekst om menneskerettigheter, tilsyn og vilk\u00e5r tema, og innspill til NOU-struktur fra utvalget.<\/p>\n\n\n\n<h2 class=\"wp-block-heading\">Tolvte m\u00f8te i Abortutvalget &#8211; 23. og 24. oktober 2023 &#8211; Oslo<\/h2>\n\n\n\n<p>P\u00e5 m\u00f8tets f\u00f8rste dag var familiepolitikk og velferdsordninger og rett til \u00e5 fullf\u00f8re svangerskapet tema. Fra Dansk etisk r\u00e5d kom r\u00e5dssekret\u00e6r Martin Ejsing Christensen og r\u00e5dsmedlem Ida Donkin p\u00e5 bes\u00f8k og hadde innlegg om det etiske r\u00e5d sin rapport. Deretter var fosterantallsreduksjon tema i m\u00f8tet. Andre dag gjennomgikk utvalget tiltak og tekst om utvalgets forslag og anbefalinger og bakgrunnskapitler. <\/p>\n\n\n\n<figure class=\"wp-block-image size-large\"><img loading=\"lazy\" decoding=\"async\" width=\"768\" height=\"1024\" src=\"https:\/\/files.nettsteder.regjeringen.no\/wpuploads01\/sites\/512\/2023\/11\/middag-23-okt-2023-768x1024.jpg\" alt=\"\" class=\"wp-image-182\" srcset=\"https:\/\/files.nettsteder.regjeringen.no\/wpuploads01\/sites\/512\/2023\/11\/middag-23-okt-2023-768x1024.jpg 768w, https:\/\/files.nettsteder.regjeringen.no\/wpuploads01\/sites\/512\/2023\/11\/middag-23-okt-2023-225x300.jpg 225w, https:\/\/files.nettsteder.regjeringen.no\/wpuploads01\/sites\/512\/2023\/11\/middag-23-okt-2023-1152x1536.jpg 1152w, https:\/\/files.nettsteder.regjeringen.no\/wpuploads01\/sites\/512\/2023\/11\/middag-23-okt-2023-1536x2048.jpg 1536w, https:\/\/files.nettsteder.regjeringen.no\/wpuploads01\/sites\/512\/2023\/11\/middag-23-okt-2023-scaled.jpg 1920w\" sizes=\"auto, (max-width: 768px) 100vw, 768px\" \/><\/figure>\n\n\n\n<h2 class=\"wp-block-heading\">Trettende m\u00f8te i Abortutvalget &#8211; 3. november 2023 &#8211; Gardermoen<\/h2>\n\n\n\n<p>Dette var utvalgets siste m\u00f8te. Det er sv\u00e6rt kort tid til NOU-en sendes til trykk. Utvalget hadde bes\u00f8k av Jorunn Litland som snakket om kommunikasjon og medier i forbindelse med overlevering av NOU-en. Deretter gjennomgikk utvalget lovteksten og noen tema som gjenstod i enkelte kapitler. <\/p>\n\n\n\n<p><\/p>\n","protected":false},"excerpt":{"rendered":"<p>F\u00f8rste m\u00f8te i Abortutvalget &#8211; 23. august 2022 &#8211; Gardermoen F\u00f8rste m\u00f8te i Abortutvalget. Utvalgsleder Kari S\u00f8nderland og medlemmene i utvalget presenterte seg , og m\u00f8tet ble brukt til \u00e5 bli kjent. Helse- og omsorgsminister Ingvild Kjerkol og statssekret\u00e6r Karl Kristian Bekeng hilste p\u00e5 utvalget og svarte p\u00e5 sp\u00f8rsm\u00e5l om mandatet. Utvalget bestemte at utvalgsm\u00f8tene\u2026<\/p>\n","protected":false},"author":3130,"featured_media":0,"parent":0,"menu_order":0,"comment_status":"closed","ping_status":"closed","template":"","meta":{"dss_simple_post_excerpt":"","dss_show_featured_image":true,"dss_show_title":false,"footnotes":""},"class_list":["post-117","page","type-page","status-publish","hentry"],"language":"nb-NO","_links":{"self":[{"href":"https:\/\/nettsteder.regjeringen.no\/abortutvalget\/wp-json\/wp\/v2\/pages\/117","targetHints":{"allow":["GET"]}}],"collection":[{"href":"https:\/\/nettsteder.regjeringen.no\/abortutvalget\/wp-json\/wp\/v2\/pages"}],"about":[{"href":"https:\/\/nettsteder.regjeringen.no\/abortutvalget\/wp-json\/wp\/v2\/types\/page"}],"author":[{"embeddable":true,"href":"https:\/\/nettsteder.regjeringen.no\/abortutvalget\/wp-json\/wp\/v2\/users\/3130"}],"replies":[{"embeddable":true,"href":"https:\/\/nettsteder.regjeringen.no\/abortutvalget\/wp-json\/wp\/v2\/comments?post=117"}],"version-history":[{"count":3,"href":"https:\/\/nettsteder.regjeringen.no\/abortutvalget\/wp-json\/wp\/v2\/pages\/117\/revisions"}],"predecessor-version":[{"id":187,"href":"https:\/\/nettsteder.regjeringen.no\/abortutvalget\/wp-json\/wp\/v2\/pages\/117\/revisions\/187"}],"wp:attachment":[{"href":"https:\/\/nettsteder.regjeringen.no\/abortutvalget\/wp-json\/wp\/v2\/media?parent=117"}],"curies":[{"name":"wp","href":"https:\/\/api.w.org\/{rel}","templated":true}]}}